{"id":89,"date":"2020-01-13T20:11:11","date_gmt":"2020-01-13T20:11:11","guid":{"rendered":"http:\/\/www.tierrahabitada.org\/?page_id=89"},"modified":"2020-01-15T20:28:05","modified_gmt":"2020-01-15T20:28:05","slug":"presentacion","status":"publish","type":"page","link":"https:\/\/www.tierrahabitada.org\/index.php\/presentacion\/","title":{"rendered":"Presentaci\u00f3n"},"content":{"rendered":"\n<p class=\"has-text-align-right\"><em>El mundo tiene hoy muchas necesidades. Una de ellas es que necesitamos aprender a vivir de otra manera, de una manera m\u00e1s respetuosa con nuestra casa com\u00fan, m\u00e1s compasiva y solidaria con las personas que sufren las consecuencias del despiadado sistema de producci\u00f3n y consumo en el que vivimos y m\u00e1s integradora de todas las dimensiones de la persona: la salud corporal, afectiva y mental y la profundidad espiritual.<\/em> (De nuestro \u00absue\u00f1o inspirador\u00bb)<\/p>\n\n\n\n<div class=\"wp-block-image\"><figure class=\"aligncenter size-large\"><img loading=\"lazy\" decoding=\"async\" width=\"499\" height=\"435\" src=\"http:\/\/www.tierrahabitada.org\/wp-content\/uploads\/2020\/01\/Pili-y-Jos\u00e9-Segovia-por-el-Clima-1.png\" alt=\"\" class=\"wp-image-132\" srcset=\"https:\/\/www.tierrahabitada.org\/wp-content\/uploads\/2020\/01\/Pili-y-Jos\u00e9-Segovia-por-el-Clima-1.png 499w, https:\/\/www.tierrahabitada.org\/wp-content\/uploads\/2020\/01\/Pili-y-Jos\u00e9-Segovia-por-el-Clima-1-300x262.png 300w\" sizes=\"auto, (max-width: 499px) 100vw, 499px\" \/><\/figure><\/div>\n\n\n\n<p>Somos personas enamoradas de la vida, de la naturaleza, la belleza, la justicia, la fraternidad, la acogida\u2026 y de Dios, que es todo eso y mucho m\u00e1s.<\/p>\n\n\n\n<p>Nuestro \u00ab<a href=\"http:\/\/www.tierrahabitada.org\/index.php\/sueno-inspirador\/\">sue\u00f1o inspirador<\/a>\u00bb es resultado de una confluencia. La de Jos\u00e9, que lleva tiempo explorando y divulgando formas de vida sostenibles, solidarias, saludables y espirituales, y la de Pili, que, despu\u00e9s de sucesivas experiencias de voluntariado, se da cuenta de que no puede seguir viviendo como antes y a su vez sue\u00f1a con una comunidad donde compartir vida, oraci\u00f3n y acogida.<\/p>\n\n\n\n<p>De esta manera, como medio para dar respuesta a una de las necesidades que tiene hoy nuestro mundo y poner en pr\u00e1ctica nuestra particular llamada, queremos habitar una tierra donde:<\/p>\n\n\n\n<ul class=\"wp-block-list\"><li>vivir en <strong>armon\u00eda con la naturaleza<\/strong> y sus ritmos.<\/li><li>poner en pr\u00e1ctica un <strong>estilo de vida<\/strong> sencillo y respetuoso con el medio ambiente.<\/li><li>compartir la <strong>pasi\u00f3n por Dios <\/strong>en un \u00e1mbito de retiro y oraci\u00f3n.<\/li><li>vivir unas <strong>relaciones humanas<\/strong> armoniosas y fraternas.<\/li><li><strong>acoger<\/strong> a quienes necesitan refugio y calor humano.<\/li><\/ul>\n\n\n\n<p>Un lugar tambi\u00e9n de <strong>formaci\u00f3n y divulgaci\u00f3n<\/strong> de esta conciencia, actitudes, espiritualidad y forma de vida.<\/p>\n\n\n\n<p>Hemos encontrado en <strong>Ca\u00f1icosa<\/strong> (Segovia) esa tierra que busc\u00e1bamos habitar. Y estamos convencidos de que este lugar puede ser una buena noticia para la sociedad y para la Iglesia. <\/p>\n\n\n\n<p>El nombre de <em>tierra habitada<\/em> hace alusi\u00f3n a una triple dimensi\u00f3n:<\/p>\n\n\n\n<ul class=\"wp-block-list\"><li> <strong>Ecolog\u00eda<\/strong>. La <em>tierra<\/em>, la \u00abhermana madre tierra\u00bb, de la que venimos y en la que vivimos. Nuestra casa com\u00fan que nos cuida y que debemos cuidar.  <\/li><li><strong>Espiritualidad<\/strong><em>.<\/em> Tierra <em>habitada<\/em> por una Presencia que lo llena todo y en la que vivimos, nos movemos y existimos. Una presencia que nos habita y nos anima.<\/li><li><strong>Acogida<\/strong>. Una <em>tierra habitada<\/em> por personas que hemos querido poblar este lugar, habitarlo y darle vida, abri\u00e9ndola a quien quiera compartirla.<\/li><\/ul>\n","protected":false},"excerpt":{"rendered":"<p>El mundo tiene hoy muchas necesidades. Una de ellas es que necesitamos aprender a vivir de otra manera, de una manera m\u00e1s respetuosa con nuestra casa com\u00fan, m\u00e1s compasiva y&#8230; <a class=\"read-more\" href=\"https:\/\/www.tierrahabitada.org\/index.php\/presentacion\/\">[Continuar Leyendo]<\/a><\/p>\n","protected":false},"author":1,"featured_media":0,"parent":0,"menu_order":0,"comment_status":"closed","ping_status":"closed","template":"","meta":{"footnotes":""},"class_list":["post-89","page","type-page","status-publish","hentry","no-post-thumbnail"],"_links":{"self":[{"href":"https:\/\/www.tierrahabitada.org\/index.php\/wp-json\/wp\/v2\/pages\/89","targetHints":{"allow":["GET"]}}],"collection":[{"href":"https:\/\/www.tierrahabitada.org\/index.php\/wp-json\/wp\/v2\/pages"}],"about":[{"href":"https:\/\/www.tierrahabitada.org\/index.php\/wp-json\/wp\/v2\/types\/page"}],"author":[{"embeddable":true,"href":"https:\/\/www.tierrahabitada.org\/index.php\/wp-json\/wp\/v2\/users\/1"}],"replies":[{"embeddable":true,"href":"https:\/\/www.tierrahabitada.org\/index.php\/wp-json\/wp\/v2\/comments?post=89"}],"version-history":[{"count":6,"href":"https:\/\/www.tierrahabitada.org\/index.php\/wp-json\/wp\/v2\/pages\/89\/revisions"}],"predecessor-version":[{"id":162,"href":"https:\/\/www.tierrahabitada.org\/index.php\/wp-json\/wp\/v2\/pages\/89\/revisions\/162"}],"wp:attachment":[{"href":"https:\/\/www.tierrahabitada.org\/index.php\/wp-json\/wp\/v2\/media?parent=89"}],"curies":[{"name":"wp","href":"https:\/\/api.w.org\/{rel}","templated":true}]}}