{"id":840,"date":"2025-02-20T19:05:36","date_gmt":"2025-02-20T19:05:36","guid":{"rendered":"https:\/\/www.tierrahabitada.org\/?page_id=840"},"modified":"2025-03-22T12:11:01","modified_gmt":"2025-03-22T12:11:01","slug":"casa-comun","status":"publish","type":"page","link":"https:\/\/www.tierrahabitada.org\/index.php\/casa-comun\/","title":{"rendered":"Casa Com\u00fan"},"content":{"rendered":"\n<p>La <strong>Casa Com\u00fan<\/strong> cuenta con un dormitorio con hasta 10 camas, dos ba\u00f1os (uno de ellos adaptado para personas con movilidad reducida) y una sala de actividades.<\/p>\n\n\n\n<p>El edificio ha sido rehabilitado en 2024 con criterios de construcci\u00f3n sostenible, en su dise\u00f1o y materiales, apto para acoger a personas con sensibilidad a las radiaciones electromagn\u00e9ticas y a los qu\u00edmicos.<\/p>\n\n\n<div class=\"wp-block-image\">\n<figure class=\"aligncenter size-full\"><img loading=\"lazy\" decoding=\"async\" width=\"822\" height=\"579\" src=\"https:\/\/www.tierrahabitada.org\/wp-content\/uploads\/2025\/02\/Mapita-Canicosa.jpg\" alt=\"\" class=\"wp-image-844\" srcset=\"https:\/\/www.tierrahabitada.org\/wp-content\/uploads\/2025\/02\/Mapita-Canicosa.jpg 822w, https:\/\/www.tierrahabitada.org\/wp-content\/uploads\/2025\/02\/Mapita-Canicosa-300x211.jpg 300w, https:\/\/www.tierrahabitada.org\/wp-content\/uploads\/2025\/02\/Mapita-Canicosa-768x541.jpg 768w\" sizes=\"auto, (max-width: 822px) 100vw, 822px\" \/><figcaption class=\"wp-element-caption\"><em>Localizaci\u00f3n<\/em><\/figcaption><\/figure><\/div>\n\n<div class=\"wp-block-image\">\n<figure class=\"aligncenter size-large\"><img loading=\"lazy\" decoding=\"async\" width=\"1024\" height=\"516\" src=\"https:\/\/www.tierrahabitada.org\/wp-content\/uploads\/2025\/02\/Exterior_Casa_Comun-1024x516.jpg\" alt=\"\" class=\"wp-image-866\" srcset=\"https:\/\/www.tierrahabitada.org\/wp-content\/uploads\/2025\/02\/Exterior_Casa_Comun-1024x516.jpg 1024w, https:\/\/www.tierrahabitada.org\/wp-content\/uploads\/2025\/02\/Exterior_Casa_Comun-300x151.jpg 300w, https:\/\/www.tierrahabitada.org\/wp-content\/uploads\/2025\/02\/Exterior_Casa_Comun-768x387.jpg 768w, https:\/\/www.tierrahabitada.org\/wp-content\/uploads\/2025\/02\/Exterior_Casa_Comun.jpg 1200w\" sizes=\"auto, (max-width: 1024px) 100vw, 1024px\" \/><figcaption class=\"wp-element-caption\"><em>Exterior<\/em><\/figcaption><\/figure><\/div>\n\n<div class=\"wp-block-image\">\n<figure class=\"aligncenter size-full\"><img loading=\"lazy\" decoding=\"async\" width=\"1000\" height=\"710\" src=\"https:\/\/www.tierrahabitada.org\/wp-content\/uploads\/2025\/03\/Recibidor_Casa_Comun.jpg\" alt=\"\" class=\"wp-image-885\" srcset=\"https:\/\/www.tierrahabitada.org\/wp-content\/uploads\/2025\/03\/Recibidor_Casa_Comun.jpg 1000w, https:\/\/www.tierrahabitada.org\/wp-content\/uploads\/2025\/03\/Recibidor_Casa_Comun-300x213.jpg 300w, https:\/\/www.tierrahabitada.org\/wp-content\/uploads\/2025\/03\/Recibidor_Casa_Comun-768x545.jpg 768w\" sizes=\"auto, (max-width: 1000px) 100vw, 1000px\" \/><figcaption class=\"wp-element-caption\"><em>Recibidor<\/em><\/figcaption><\/figure><\/div>\n\n<div class=\"wp-block-image\">\n<figure class=\"aligncenter size-full\"><img loading=\"lazy\" decoding=\"async\" width=\"1200\" height=\"774\" src=\"https:\/\/www.tierrahabitada.org\/wp-content\/uploads\/2025\/02\/Dormitorio_Casa_Comun-1.jpg\" alt=\"\" class=\"wp-image-870\" srcset=\"https:\/\/www.tierrahabitada.org\/wp-content\/uploads\/2025\/02\/Dormitorio_Casa_Comun-1.jpg 1200w, https:\/\/www.tierrahabitada.org\/wp-content\/uploads\/2025\/02\/Dormitorio_Casa_Comun-1-300x194.jpg 300w, https:\/\/www.tierrahabitada.org\/wp-content\/uploads\/2025\/02\/Dormitorio_Casa_Comun-1-1024x660.jpg 1024w, https:\/\/www.tierrahabitada.org\/wp-content\/uploads\/2025\/02\/Dormitorio_Casa_Comun-1-768x495.jpg 768w\" sizes=\"auto, (max-width: 1200px) 100vw, 1200px\" \/><figcaption class=\"wp-element-caption\"><em>Dormitorio<\/em><\/figcaption><\/figure><\/div>\n\n<div class=\"wp-block-image\">\n<figure class=\"aligncenter size-full\"><img loading=\"lazy\" decoding=\"async\" width=\"1000\" height=\"750\" src=\"https:\/\/www.tierrahabitada.org\/wp-content\/uploads\/2025\/02\/Bano_pequeno_Casa_Comun.jpg\" alt=\"\" class=\"wp-image-871\" srcset=\"https:\/\/www.tierrahabitada.org\/wp-content\/uploads\/2025\/02\/Bano_pequeno_Casa_Comun.jpg 1000w, https:\/\/www.tierrahabitada.org\/wp-content\/uploads\/2025\/02\/Bano_pequeno_Casa_Comun-300x225.jpg 300w, https:\/\/www.tierrahabitada.org\/wp-content\/uploads\/2025\/02\/Bano_pequeno_Casa_Comun-768x576.jpg 768w\" sizes=\"auto, (max-width: 1000px) 100vw, 1000px\" \/><figcaption class=\"wp-element-caption\"><em>Ba\u00f1o dormitorio<\/em><\/figcaption><\/figure><\/div>\n\n<div class=\"wp-block-image\">\n<figure class=\"aligncenter size-large\"><img loading=\"lazy\" decoding=\"async\" width=\"1024\" height=\"431\" src=\"https:\/\/www.tierrahabitada.org\/wp-content\/uploads\/2025\/02\/Bano_adaptado_Casa_Comun-1024x431.jpg\" alt=\"\" class=\"wp-image-874\" srcset=\"https:\/\/www.tierrahabitada.org\/wp-content\/uploads\/2025\/02\/Bano_adaptado_Casa_Comun-1024x431.jpg 1024w, https:\/\/www.tierrahabitada.org\/wp-content\/uploads\/2025\/02\/Bano_adaptado_Casa_Comun-300x126.jpg 300w, https:\/\/www.tierrahabitada.org\/wp-content\/uploads\/2025\/02\/Bano_adaptado_Casa_Comun-768x323.jpg 768w, https:\/\/www.tierrahabitada.org\/wp-content\/uploads\/2025\/02\/Bano_adaptado_Casa_Comun.jpg 1200w\" sizes=\"auto, (max-width: 1024px) 100vw, 1024px\" \/><figcaption class=\"wp-element-caption\"><em>Ba\u00f1o adaptado para personas con movilidad reducida<\/em><\/figcaption><\/figure><\/div>\n\n<div class=\"wp-block-image\">\n<figure class=\"aligncenter size-large\"><img loading=\"lazy\" decoding=\"async\" width=\"1024\" height=\"673\" src=\"https:\/\/www.tierrahabitada.org\/wp-content\/uploads\/2025\/02\/Sala_Casa_Comun-1024x673.jpg\" alt=\"\" class=\"wp-image-872\" srcset=\"https:\/\/www.tierrahabitada.org\/wp-content\/uploads\/2025\/02\/Sala_Casa_Comun-1024x673.jpg 1024w, https:\/\/www.tierrahabitada.org\/wp-content\/uploads\/2025\/02\/Sala_Casa_Comun-300x197.jpg 300w, https:\/\/www.tierrahabitada.org\/wp-content\/uploads\/2025\/02\/Sala_Casa_Comun-768x505.jpg 768w, https:\/\/www.tierrahabitada.org\/wp-content\/uploads\/2025\/02\/Sala_Casa_Comun.jpg 1200w\" sizes=\"auto, (max-width: 1024px) 100vw, 1024px\" \/><figcaption class=\"wp-element-caption\"><em>Sala de actividades<\/em><\/figcaption><\/figure><\/div>\n\n\n<p><\/p>\n","protected":false},"excerpt":{"rendered":"<p>La Casa Com\u00fan cuenta con un dormitorio con hasta 10 camas, dos ba\u00f1os (uno de ellos adaptado para personas con movilidad reducida) y una sala de actividades. El edificio ha&#8230; <a class=\"read-more\" href=\"https:\/\/www.tierrahabitada.org\/index.php\/casa-comun\/\">[Continuar Leyendo]<\/a><\/p>\n","protected":false},"author":1,"featured_media":0,"parent":0,"menu_order":0,"comment_status":"closed","ping_status":"closed","template":"","meta":{"footnotes":""},"class_list":["post-840","page","type-page","status-publish","hentry","no-post-thumbnail"],"_links":{"self":[{"href":"https:\/\/www.tierrahabitada.org\/index.php\/wp-json\/wp\/v2\/pages\/840","targetHints":{"allow":["GET"]}}],"collection":[{"href":"https:\/\/www.tierrahabitada.org\/index.php\/wp-json\/wp\/v2\/pages"}],"about":[{"href":"https:\/\/www.tierrahabitada.org\/index.php\/wp-json\/wp\/v2\/types\/page"}],"author":[{"embeddable":true,"href":"https:\/\/www.tierrahabitada.org\/index.php\/wp-json\/wp\/v2\/users\/1"}],"replies":[{"embeddable":true,"href":"https:\/\/www.tierrahabitada.org\/index.php\/wp-json\/wp\/v2\/comments?post=840"}],"version-history":[{"count":8,"href":"https:\/\/www.tierrahabitada.org\/index.php\/wp-json\/wp\/v2\/pages\/840\/revisions"}],"predecessor-version":[{"id":886,"href":"https:\/\/www.tierrahabitada.org\/index.php\/wp-json\/wp\/v2\/pages\/840\/revisions\/886"}],"wp:attachment":[{"href":"https:\/\/www.tierrahabitada.org\/index.php\/wp-json\/wp\/v2\/media?parent=840"}],"curies":[{"name":"wp","href":"https:\/\/api.w.org\/{rel}","templated":true}]}}