{"id":108,"date":"2020-01-15T18:35:01","date_gmt":"2020-01-15T18:35:01","guid":{"rendered":"http:\/\/www.tierrahabitada.org\/?page_id=108"},"modified":"2025-06-20T06:22:56","modified_gmt":"2025-06-20T06:22:56","slug":"la-fundacion","status":"publish","type":"page","link":"https:\/\/www.tierrahabitada.org\/index.php\/la-fundacion\/","title":{"rendered":"La fundaci\u00f3n"},"content":{"rendered":"\n<p>La <strong>Fundaci\u00f3n Tierra Habitada<\/strong>, constituida en Segovia en septiembre de 2019 e inscrita en el Registro Estatal de Fundaciones el 15 de julio de 2020, da soporte legal a este proyecto de vida y misi\u00f3n, siendo la entidad titular de la propiedad y actividades.<\/p>\n\n\n\n<p>De acuerdo a sus Estatutos, la fundaci\u00f3n persigue los siguientes <strong>fines<\/strong> de inter\u00e9s general y car\u00e1cter cultural, sin perjuicio de sus dimensiones social y medioambiental:<\/p>\n\n\n\n<ol class=\"wp-block-list\">\n<li>Contribuir a un cambio de mentalidad social, mediante la promoci\u00f3n de actitudes y comportamientos sostenibles, que permitan a las personas vivir en armon\u00eda y respeto con el medio ambiente.<\/li>\n\n\n\n<li>Contribuir a un cambio de mentalidad social, mediante la promoci\u00f3n de actitudes y comportamientos respetuosos con la vida y dignidad de las personas, especialmente con aquellas m\u00e1s vulnerables.<\/li>\n\n\n\n<li>Concienciar sobre la unidad fundamental de la gran familia humana y de todos los seres vivos, cultivando la dimensi\u00f3n espiritual de las personas, y respetando su identidad cultural y religiosa.<\/li>\n<\/ol>\n\n\n\n<p>Para el mejor cumplimiento de sus fines, la Fundaci\u00f3n puede realizar, entre otras, las siguientes <strong>actividades<\/strong>:<\/p>\n\n\n\n<ol class=\"wp-block-list\">\n<li>Cursos, talleres, conferencias, coloquios, encuentros, convivencias y campamentos.<\/li>\n\n\n\n<li>Publicaci\u00f3n de materiales impresos y digitales.<\/li>\n\n\n\n<li>Acciones de incidencia pol\u00edtica y denuncia de las situaciones de injusticia y sus causas.<\/li>\n<\/ol>\n\n\n\n<p>Y, de modo gen\u00e9rico, llevar a cabo cuantas actuaciones sean conducentes al mejor logro de sus fines.<\/p>\n\n\n\n<p>Actualmente el patronato de la fundaci\u00f3n est\u00e1 constituido por Jos\u00e9 Eizaguirre, Pilar Barral y Jos\u00e9 Luis Ib\u00e1\u00f1ez.<\/p>\n\n\n\n<p>Datos administrativos de la fundaci\u00f3n Tierra Habitada:<\/p>\n\n\n\n<ul class=\"wp-block-list\">\n<li> <em>Domicilio<\/em> <em>social<\/em>: Ejido 2, Ca\u00f1icosa, 40163 Segovia<\/li>\n\n\n\n<li> <em>N\u00ba de Registro<\/em>: 2318.<\/li>\n\n\n\n<li><em> CIF<\/em>: G40278566 <\/li>\n<\/ul>\n\n\n\n<p>Nuestras cuentas:<\/p>\n\n\n\n<ul class=\"wp-block-list\">\n<li><a href=\"https:\/\/www.tierrahabitada.org\/wp-content\/uploads\/2023\/09\/Memoria-cuentas-anuales-2020-Firmada.pdf\" target=\"_blank\" rel=\"noreferrer noopener\">Memoria de cuentas anuales 2020<\/a><\/li>\n\n\n\n<li><a href=\"https:\/\/www.tierrahabitada.org\/wp-content\/uploads\/2023\/09\/Memoria-cuentas-anuales-2021-Firmada.pdf\" target=\"_blank\" rel=\"noreferrer noopener\">Memoria de cuentas anuales 2021<\/a><\/li>\n\n\n\n<li><a href=\"https:\/\/www.tierrahabitada.org\/wp-content\/uploads\/2023\/12\/Memoria-de-cuentas-anuales-2022.pdf\" target=\"_blank\" rel=\"noreferrer noopener\">Memoria de cuentas anuales 2022<\/a><\/li>\n\n\n\n<li><a href=\"https:\/\/www.tierrahabitada.org\/wp-content\/uploads\/2024\/06\/Memoria_de_cuentas_anuales_2023.pdf\" target=\"_blank\" rel=\"noreferrer noopener\">Memoria de cuentas anuales 2023<\/a><\/li>\n\n\n\n<li><a href=\"https:\/\/www.tierrahabitada.org\/wp-content\/uploads\/2025\/06\/Memoria_de_cuentas_anuales_2024.pdf\">Memoria de cuentas anuales 2024<\/a><\/li>\n<\/ul>\n\n\n\n<p>Desde enero de 2025 la Fundaci\u00f3n Tierra Habitada es miembro de la <a href=\"https:\/\/www.fundaciones.org\">Asociaci\u00f3n Espa\u00f1ola de Fundaciones<\/a> (AEF).<\/p>\n\n\n\n<p><\/p>\n","protected":false},"excerpt":{"rendered":"<p>La Fundaci\u00f3n Tierra Habitada, constituida en Segovia en septiembre de 2019 e inscrita en el Registro Estatal de Fundaciones el 15 de julio de 2020, da soporte legal a este&#8230; <a class=\"read-more\" href=\"https:\/\/www.tierrahabitada.org\/index.php\/la-fundacion\/\">[Continuar Leyendo]<\/a><\/p>\n","protected":false},"author":1,"featured_media":0,"parent":0,"menu_order":0,"comment_status":"closed","ping_status":"closed","template":"","meta":{"footnotes":""},"class_list":["post-108","page","type-page","status-publish","hentry","no-post-thumbnail"],"_links":{"self":[{"href":"https:\/\/www.tierrahabitada.org\/index.php\/wp-json\/wp\/v2\/pages\/108","targetHints":{"allow":["GET"]}}],"collection":[{"href":"https:\/\/www.tierrahabitada.org\/index.php\/wp-json\/wp\/v2\/pages"}],"about":[{"href":"https:\/\/www.tierrahabitada.org\/index.php\/wp-json\/wp\/v2\/types\/page"}],"author":[{"embeddable":true,"href":"https:\/\/www.tierrahabitada.org\/index.php\/wp-json\/wp\/v2\/users\/1"}],"replies":[{"embeddable":true,"href":"https:\/\/www.tierrahabitada.org\/index.php\/wp-json\/wp\/v2\/comments?post=108"}],"version-history":[{"count":15,"href":"https:\/\/www.tierrahabitada.org\/index.php\/wp-json\/wp\/v2\/pages\/108\/revisions"}],"predecessor-version":[{"id":915,"href":"https:\/\/www.tierrahabitada.org\/index.php\/wp-json\/wp\/v2\/pages\/108\/revisions\/915"}],"wp:attachment":[{"href":"https:\/\/www.tierrahabitada.org\/index.php\/wp-json\/wp\/v2\/media?parent=108"}],"curies":[{"name":"wp","href":"https:\/\/api.w.org\/{rel}","templated":true}]}}